{"id":3015,"date":"2024-05-18T09:04:18","date_gmt":"2024-05-18T12:04:18","guid":{"rendered":"https:\/\/annaosta.com.br\/site\/?page_id=3015"},"modified":"2024-05-20T18:55:18","modified_gmt":"2024-05-20T21:55:18","slug":"artigo","status":"publish","type":"page","link":"https:\/\/annaosta.com.br\/site\/artigo\/","title":{"rendered":"Artigo"},"content":{"rendered":"\t\t<div data-elementor-type=\"wp-post\" data-elementor-id=\"3015\" class=\"elementor elementor-3015\">\n\t\t\t\t\t\t<section class=\"elementor-section elementor-top-section elementor-element elementor-element-34c753c elementor-section-boxed elementor-section-height-default elementor-section-height-default\" data-id=\"34c753c\" data-element_type=\"section\" data-e-type=\"section\">\n\t\t\t\t\t\t<div class=\"elementor-container elementor-column-gap-default\">\n\t\t\t\t\t<div class=\"elementor-column elementor-col-100 elementor-top-column elementor-element elementor-element-5029f42\" data-id=\"5029f42\" data-element_type=\"column\" data-e-type=\"column\">\n\t\t\t<div class=\"elementor-widget-wrap elementor-element-populated\">\n\t\t\t\t\t\t<div class=\"elementor-element elementor-element-8796cdf elementor-grid-4 elementor-grid-tablet-2 elementor-grid-mobile-1 elementor-posts--thumbnail-top elementor-card-shadow-yes elementor-posts__hover-gradient elementor-widget elementor-widget-posts\" data-id=\"8796cdf\" data-element_type=\"widget\" data-e-type=\"widget\" data-settings=\"{&quot;cards_columns&quot;:&quot;4&quot;,&quot;pagination_type&quot;:&quot;numbers_and_prev_next&quot;,&quot;cards_columns_tablet&quot;:&quot;2&quot;,&quot;cards_columns_mobile&quot;:&quot;1&quot;,&quot;cards_row_gap&quot;:{&quot;unit&quot;:&quot;px&quot;,&quot;size&quot;:35,&quot;sizes&quot;:[]},&quot;cards_row_gap_tablet&quot;:{&quot;unit&quot;:&quot;px&quot;,&quot;size&quot;:&quot;&quot;,&quot;sizes&quot;:[]},&quot;cards_row_gap_mobile&quot;:{&quot;unit&quot;:&quot;px&quot;,&quot;size&quot;:&quot;&quot;,&quot;sizes&quot;:[]}}\" data-widget_type=\"posts.cards\">\n\t\t\t\t<div class=\"elementor-widget-container\">\n\t\t\t\t\t\t\t<div class=\"elementor-posts-container elementor-posts elementor-posts--skin-cards elementor-grid\">\n\t\t\t\t<article class=\"elementor-post elementor-grid-item post-3123 post type-post status-publish format-standard has-post-thumbnail hentry category-artigo\">\n\t\t\t<div class=\"elementor-post__card\">\n\t\t\t\t<a class=\"elementor-post__thumbnail__link\" href=\"https:\/\/annaosta.com.br\/site\/a-onda-do-genero-cozy-fantasy\/\" ><div class=\"elementor-post__thumbnail\"><img fetchpriority=\"high\" decoding=\"async\" width=\"768\" height=\"565\" src=\"https:\/\/annaosta.com.br\/site\/wp-content\/uploads\/2025\/04\/spellshop-cropped-768x565.jpg\" class=\"attachment-medium_large size-medium_large wp-image-3129\" alt=\"\" srcset=\"https:\/\/annaosta.com.br\/site\/wp-content\/uploads\/2025\/04\/spellshop-cropped-768x565.jpg 768w, https:\/\/annaosta.com.br\/site\/wp-content\/uploads\/2025\/04\/spellshop-cropped-300x221.jpg 300w, https:\/\/annaosta.com.br\/site\/wp-content\/uploads\/2025\/04\/spellshop-cropped-1024x753.jpg 1024w, https:\/\/annaosta.com.br\/site\/wp-content\/uploads\/2025\/04\/spellshop-cropped-1536x1129.jpg 1536w, https:\/\/annaosta.com.br\/site\/wp-content\/uploads\/2025\/04\/spellshop-cropped.jpg 1605w\" sizes=\"(max-width: 768px) 100vw, 768px\" \/><\/div><\/a>\n\t\t\t\t<div class=\"elementor-post__badge\">Artigo<\/div>\n\t\t\t\t<div class=\"elementor-post__text\">\n\t\t\t\t<h3 class=\"elementor-post__title\">\n\t\t\t<a href=\"https:\/\/annaosta.com.br\/site\/a-onda-do-genero-cozy-fantasy\/\" >\n\t\t\t\t<strong><strong>A onda do g\u00eanero cozy fantasy<\/strong><\/strong>\t\t\t<\/a>\n\t\t<\/h3>\n\t\t\n\t\t<a class=\"elementor-post__read-more\" href=\"https:\/\/annaosta.com.br\/site\/a-onda-do-genero-cozy-fantasy\/\" >\n\t\t\tLeia Mais...\t\t<\/a>\n\n\t\t\t\t<\/div>\n\t\t\t\t<div class=\"elementor-post__meta-data\">\n\t\t\t\t\t<span class=\"elementor-post-date\">\n\t\t\t2 de abril de 2025\t\t<\/span>\n\t\t\t\t<span class=\"elementor-post-avatar\">\n\t\t\tNenhum coment\u00e1rio\t\t<\/span>\n\t\t\t\t<\/div>\n\t\t\t\t\t<\/div>\n\t\t<\/article>\n\t\t\t\t<article class=\"elementor-post elementor-grid-item post-3107 post type-post status-publish format-standard has-post-thumbnail hentry category-artigo\">\n\t\t\t<div class=\"elementor-post__card\">\n\t\t\t\t<a class=\"elementor-post__thumbnail__link\" href=\"https:\/\/annaosta.com.br\/site\/o-desafio-das-bibliotecas\/\" ><div class=\"elementor-post__thumbnail\"><img decoding=\"async\" width=\"768\" height=\"511\" src=\"https:\/\/annaosta.com.br\/site\/wp-content\/uploads\/2024\/12\/Foto-Sylvia-Masini_Estadao-768x511.jpg\" class=\"attachment-medium_large size-medium_large wp-image-3110\" alt=\"\" srcset=\"https:\/\/annaosta.com.br\/site\/wp-content\/uploads\/2024\/12\/Foto-Sylvia-Masini_Estadao-768x511.jpg 768w, https:\/\/annaosta.com.br\/site\/wp-content\/uploads\/2024\/12\/Foto-Sylvia-Masini_Estadao-300x200.jpg 300w, https:\/\/annaosta.com.br\/site\/wp-content\/uploads\/2024\/12\/Foto-Sylvia-Masini_Estadao-1024x681.jpg 1024w, https:\/\/annaosta.com.br\/site\/wp-content\/uploads\/2024\/12\/Foto-Sylvia-Masini_Estadao.jpg 1200w\" sizes=\"(max-width: 768px) 100vw, 768px\" \/><\/div><\/a>\n\t\t\t\t<div class=\"elementor-post__badge\">Artigo<\/div>\n\t\t\t\t<div class=\"elementor-post__text\">\n\t\t\t\t<h3 class=\"elementor-post__title\">\n\t\t\t<a href=\"https:\/\/annaosta.com.br\/site\/o-desafio-das-bibliotecas\/\" >\n\t\t\t\t<strong><strong>O desafio das bibliotecas<\/strong><\/strong>\t\t\t<\/a>\n\t\t<\/h3>\n\t\t\n\t\t<a class=\"elementor-post__read-more\" href=\"https:\/\/annaosta.com.br\/site\/o-desafio-das-bibliotecas\/\" >\n\t\t\tLeia Mais...\t\t<\/a>\n\n\t\t\t\t<\/div>\n\t\t\t\t<div class=\"elementor-post__meta-data\">\n\t\t\t\t\t<span class=\"elementor-post-date\">\n\t\t\t5 de dezembro de 2024\t\t<\/span>\n\t\t\t\t<span class=\"elementor-post-avatar\">\n\t\t\t1 coment\u00e1rio\t\t<\/span>\n\t\t\t\t<\/div>\n\t\t\t\t\t<\/div>\n\t\t<\/article>\n\t\t\t\t<article class=\"elementor-post elementor-grid-item post-2927 post type-post status-publish format-standard has-post-thumbnail hentry category-artigo\">\n\t\t\t<div class=\"elementor-post__card\">\n\t\t\t\t<a class=\"elementor-post__thumbnail__link\" href=\"https:\/\/annaosta.com.br\/site\/generos-literarios-modismos-e-tendencias\/\" ><div class=\"elementor-post__thumbnail\"><img decoding=\"async\" width=\"768\" height=\"644\" src=\"https:\/\/annaosta.com.br\/site\/wp-content\/uploads\/2024\/01\/Tendencias-768x644.png\" class=\"attachment-medium_large size-medium_large wp-image-2934\" alt=\"\" srcset=\"https:\/\/annaosta.com.br\/site\/wp-content\/uploads\/2024\/01\/Tendencias-768x644.png 768w, https:\/\/annaosta.com.br\/site\/wp-content\/uploads\/2024\/01\/Tendencias-300x251.png 300w, https:\/\/annaosta.com.br\/site\/wp-content\/uploads\/2024\/01\/Tendencias.png 940w\" sizes=\"(max-width: 768px) 100vw, 768px\" \/><\/div><\/a>\n\t\t\t\t<div class=\"elementor-post__badge\">Artigo<\/div>\n\t\t\t\t<div class=\"elementor-post__text\">\n\t\t\t\t<h3 class=\"elementor-post__title\">\n\t\t\t<a href=\"https:\/\/annaosta.com.br\/site\/generos-literarios-modismos-e-tendencias\/\" >\n\t\t\t\t<strong><strong>G\u00eaneros liter\u00e1rios, modismos e tend\u00eancias<\/strong><\/strong>\t\t\t<\/a>\n\t\t<\/h3>\n\t\t\n\t\t<a class=\"elementor-post__read-more\" href=\"https:\/\/annaosta.com.br\/site\/generos-literarios-modismos-e-tendencias\/\" >\n\t\t\tLeia Mais...\t\t<\/a>\n\n\t\t\t\t<\/div>\n\t\t\t\t<div class=\"elementor-post__meta-data\">\n\t\t\t\t\t<span class=\"elementor-post-date\">\n\t\t\t26 de janeiro de 2024\t\t<\/span>\n\t\t\t\t<span class=\"elementor-post-avatar\">\n\t\t\t5 Coment\u00e1rios\t\t<\/span>\n\t\t\t\t<\/div>\n\t\t\t\t\t<\/div>\n\t\t<\/article>\n\t\t\t\t<article class=\"elementor-post elementor-grid-item post-2871 post type-post status-publish format-standard has-post-thumbnail hentry category-artigo\">\n\t\t\t<div class=\"elementor-post__card\">\n\t\t\t\t<a class=\"elementor-post__thumbnail__link\" href=\"https:\/\/annaosta.com.br\/site\/graciliano-ramos-e-o-polemico-dominio-publico\/\" ><div class=\"elementor-post__thumbnail\"><img loading=\"lazy\" decoding=\"async\" width=\"768\" height=\"576\" src=\"https:\/\/annaosta.com.br\/site\/wp-content\/uploads\/2024\/01\/O-escritor-Graciliano-Ramos-ilustracao-do-alagoano-Fellipe-Ernesto1-768x576.jpg\" class=\"attachment-medium_large size-medium_large wp-image-2911\" alt=\"\" srcset=\"https:\/\/annaosta.com.br\/site\/wp-content\/uploads\/2024\/01\/O-escritor-Graciliano-Ramos-ilustracao-do-alagoano-Fellipe-Ernesto1-768x576.jpg 768w, https:\/\/annaosta.com.br\/site\/wp-content\/uploads\/2024\/01\/O-escritor-Graciliano-Ramos-ilustracao-do-alagoano-Fellipe-Ernesto1-300x225.jpg 300w, https:\/\/annaosta.com.br\/site\/wp-content\/uploads\/2024\/01\/O-escritor-Graciliano-Ramos-ilustracao-do-alagoano-Fellipe-Ernesto1-1024x768.jpg 1024w, https:\/\/annaosta.com.br\/site\/wp-content\/uploads\/2024\/01\/O-escritor-Graciliano-Ramos-ilustracao-do-alagoano-Fellipe-Ernesto1-1536x1152.jpg 1536w, https:\/\/annaosta.com.br\/site\/wp-content\/uploads\/2024\/01\/O-escritor-Graciliano-Ramos-ilustracao-do-alagoano-Fellipe-Ernesto1-2048x1536.jpg 2048w\" sizes=\"(max-width: 768px) 100vw, 768px\" \/><\/div><\/a>\n\t\t\t\t<div class=\"elementor-post__badge\">Artigo<\/div>\n\t\t\t\t<div class=\"elementor-post__text\">\n\t\t\t\t<h3 class=\"elementor-post__title\">\n\t\t\t<a href=\"https:\/\/annaosta.com.br\/site\/graciliano-ramos-e-o-polemico-dominio-publico\/\" >\n\t\t\t\t<strong><strong>Graciliano Ramos e o pol\u00eamico dom\u00ednio p\u00fablico<\/strong><\/strong>\t\t\t<\/a>\n\t\t<\/h3>\n\t\t\n\t\t<a class=\"elementor-post__read-more\" href=\"https:\/\/annaosta.com.br\/site\/graciliano-ramos-e-o-polemico-dominio-publico\/\" >\n\t\t\tLeia Mais...\t\t<\/a>\n\n\t\t\t\t<\/div>\n\t\t\t\t<div class=\"elementor-post__meta-data\">\n\t\t\t\t\t<span class=\"elementor-post-date\">\n\t\t\t11 de janeiro de 2024\t\t<\/span>\n\t\t\t\t<span class=\"elementor-post-avatar\">\n\t\t\tNenhum coment\u00e1rio\t\t<\/span>\n\t\t\t\t<\/div>\n\t\t\t\t\t<\/div>\n\t\t<\/article>\n\t\t\t\t<article class=\"elementor-post elementor-grid-item post-2891 post type-post status-publish format-standard has-post-thumbnail hentry category-artigo\">\n\t\t\t<div class=\"elementor-post__card\">\n\t\t\t\t<a class=\"elementor-post__thumbnail__link\" href=\"https:\/\/annaosta.com.br\/site\/a-casa-de-bernarda-alba-tem-nova-montagem\/\" ><div class=\"elementor-post__thumbnail\"><img loading=\"lazy\" decoding=\"async\" width=\"768\" height=\"407\" src=\"https:\/\/annaosta.com.br\/site\/wp-content\/uploads\/2023\/11\/Foto-corte-768x407.jpg\" class=\"attachment-medium_large size-medium_large wp-image-2903\" alt=\"\" srcset=\"https:\/\/annaosta.com.br\/site\/wp-content\/uploads\/2023\/11\/Foto-corte-768x407.jpg 768w, https:\/\/annaosta.com.br\/site\/wp-content\/uploads\/2023\/11\/Foto-corte-300x159.jpg 300w, https:\/\/annaosta.com.br\/site\/wp-content\/uploads\/2023\/11\/Foto-corte-1024x543.jpg 1024w, https:\/\/annaosta.com.br\/site\/wp-content\/uploads\/2023\/11\/Foto-corte.jpg 1136w\" sizes=\"(max-width: 768px) 100vw, 768px\" \/><\/div><\/a>\n\t\t\t\t<div class=\"elementor-post__badge\">Artigo<\/div>\n\t\t\t\t<div class=\"elementor-post__text\">\n\t\t\t\t<h3 class=\"elementor-post__title\">\n\t\t\t<a href=\"https:\/\/annaosta.com.br\/site\/a-casa-de-bernarda-alba-tem-nova-montagem\/\" >\n\t\t\t\t<strong><strong>\u2018A casa de Bernarda Alba\u2019 tem nova montagem em Salto<\/strong><\/strong>\t\t\t<\/a>\n\t\t<\/h3>\n\t\t\n\t\t<a class=\"elementor-post__read-more\" href=\"https:\/\/annaosta.com.br\/site\/a-casa-de-bernarda-alba-tem-nova-montagem\/\" >\n\t\t\tLeia Mais...\t\t<\/a>\n\n\t\t\t\t<\/div>\n\t\t\t\t<div class=\"elementor-post__meta-data\">\n\t\t\t\t\t<span class=\"elementor-post-date\">\n\t\t\t7 de novembro de 2023\t\t<\/span>\n\t\t\t\t<span class=\"elementor-post-avatar\">\n\t\t\t1 coment\u00e1rio\t\t<\/span>\n\t\t\t\t<\/div>\n\t\t\t\t\t<\/div>\n\t\t<\/article>\n\t\t\t\t<article class=\"elementor-post elementor-grid-item post-2850 post type-post status-publish format-standard has-post-thumbnail hentry category-artigo\">\n\t\t\t<div class=\"elementor-post__card\">\n\t\t\t\t<a class=\"elementor-post__thumbnail__link\" href=\"https:\/\/annaosta.com.br\/site\/o-retorno-do-rei\/\" ><div class=\"elementor-post__thumbnail\"><img loading=\"lazy\" decoding=\"async\" width=\"768\" height=\"768\" src=\"https:\/\/annaosta.com.br\/site\/wp-content\/uploads\/2023\/07\/1-768x768.png\" class=\"attachment-medium_large size-medium_large wp-image-2852\" alt=\"\" srcset=\"https:\/\/annaosta.com.br\/site\/wp-content\/uploads\/2023\/07\/1-768x768.png 768w, https:\/\/annaosta.com.br\/site\/wp-content\/uploads\/2023\/07\/1-300x300.png 300w, https:\/\/annaosta.com.br\/site\/wp-content\/uploads\/2023\/07\/1-1024x1024.png 1024w, https:\/\/annaosta.com.br\/site\/wp-content\/uploads\/2023\/07\/1-150x150.png 150w, https:\/\/annaosta.com.br\/site\/wp-content\/uploads\/2023\/07\/1.png 1080w\" sizes=\"(max-width: 768px) 100vw, 768px\" \/><\/div><\/a>\n\t\t\t\t<div class=\"elementor-post__badge\">Artigo<\/div>\n\t\t\t\t<div class=\"elementor-post__text\">\n\t\t\t\t<h3 class=\"elementor-post__title\">\n\t\t\t<a href=\"https:\/\/annaosta.com.br\/site\/o-retorno-do-rei\/\" >\n\t\t\t\t<strong><strong>O retorno do rei<\/strong><\/strong>\t\t\t<\/a>\n\t\t<\/h3>\n\t\t\n\t\t<a class=\"elementor-post__read-more\" href=\"https:\/\/annaosta.com.br\/site\/o-retorno-do-rei\/\" >\n\t\t\tLeia Mais...\t\t<\/a>\n\n\t\t\t\t<\/div>\n\t\t\t\t<div class=\"elementor-post__meta-data\">\n\t\t\t\t\t<span class=\"elementor-post-date\">\n\t\t\t20 de julho de 2023\t\t<\/span>\n\t\t\t\t<span class=\"elementor-post-avatar\">\n\t\t\tNenhum coment\u00e1rio\t\t<\/span>\n\t\t\t\t<\/div>\n\t\t\t\t\t<\/div>\n\t\t<\/article>\n\t\t\t\t<article class=\"elementor-post elementor-grid-item post-2779 post type-post status-publish format-standard has-post-thumbnail hentry category-artigo\">\n\t\t\t<div class=\"elementor-post__card\">\n\t\t\t\t<a class=\"elementor-post__thumbnail__link\" href=\"https:\/\/annaosta.com.br\/site\/musica-literatura\/\" ><div class=\"elementor-post__thumbnail\"><img loading=\"lazy\" decoding=\"async\" width=\"768\" height=\"768\" src=\"https:\/\/annaosta.com.br\/site\/wp-content\/uploads\/2023\/06\/1-768x768.png\" class=\"attachment-medium_large size-medium_large wp-image-2785\" alt=\"\" srcset=\"https:\/\/annaosta.com.br\/site\/wp-content\/uploads\/2023\/06\/1-768x768.png 768w, https:\/\/annaosta.com.br\/site\/wp-content\/uploads\/2023\/06\/1-300x300.png 300w, https:\/\/annaosta.com.br\/site\/wp-content\/uploads\/2023\/06\/1-1024x1024.png 1024w, https:\/\/annaosta.com.br\/site\/wp-content\/uploads\/2023\/06\/1-150x150.png 150w, https:\/\/annaosta.com.br\/site\/wp-content\/uploads\/2023\/06\/1.png 1080w\" sizes=\"(max-width: 768px) 100vw, 768px\" \/><\/div><\/a>\n\t\t\t\t<div class=\"elementor-post__badge\">Artigo<\/div>\n\t\t\t\t<div class=\"elementor-post__text\">\n\t\t\t\t<h3 class=\"elementor-post__title\">\n\t\t\t<a href=\"https:\/\/annaosta.com.br\/site\/musica-literatura\/\" >\n\t\t\t\t<strong><strong>M\u00fasica &#038; Literatura<\/strong><\/strong>\t\t\t<\/a>\n\t\t<\/h3>\n\t\t\n\t\t<a class=\"elementor-post__read-more\" href=\"https:\/\/annaosta.com.br\/site\/musica-literatura\/\" >\n\t\t\tLeia Mais...\t\t<\/a>\n\n\t\t\t\t<\/div>\n\t\t\t\t<div class=\"elementor-post__meta-data\">\n\t\t\t\t\t<span class=\"elementor-post-date\">\n\t\t\t23 de junho de 2023\t\t<\/span>\n\t\t\t\t<span class=\"elementor-post-avatar\">\n\t\t\tNenhum coment\u00e1rio\t\t<\/span>\n\t\t\t\t<\/div>\n\t\t\t\t\t<\/div>\n\t\t<\/article>\n\t\t\t\t<article class=\"elementor-post elementor-grid-item post-2673 post type-post status-publish format-standard has-post-thumbnail hentry category-artigo\">\n\t\t\t<div class=\"elementor-post__card\">\n\t\t\t\t<a class=\"elementor-post__thumbnail__link\" href=\"https:\/\/annaosta.com.br\/site\/biblioteca-publica-de-nova-iorque\/\" ><div class=\"elementor-post__thumbnail\"><img loading=\"lazy\" decoding=\"async\" width=\"768\" height=\"768\" src=\"https:\/\/annaosta.com.br\/site\/wp-content\/uploads\/2023\/05\/Biblioteca-Publica-de-Nova-Iorque-768x768.png\" class=\"attachment-medium_large size-medium_large wp-image-2675\" alt=\"\" srcset=\"https:\/\/annaosta.com.br\/site\/wp-content\/uploads\/2023\/05\/Biblioteca-Publica-de-Nova-Iorque-768x768.png 768w, https:\/\/annaosta.com.br\/site\/wp-content\/uploads\/2023\/05\/Biblioteca-Publica-de-Nova-Iorque-300x300.png 300w, https:\/\/annaosta.com.br\/site\/wp-content\/uploads\/2023\/05\/Biblioteca-Publica-de-Nova-Iorque-1024x1024.png 1024w, https:\/\/annaosta.com.br\/site\/wp-content\/uploads\/2023\/05\/Biblioteca-Publica-de-Nova-Iorque-150x150.png 150w, https:\/\/annaosta.com.br\/site\/wp-content\/uploads\/2023\/05\/Biblioteca-Publica-de-Nova-Iorque.png 1080w\" sizes=\"(max-width: 768px) 100vw, 768px\" \/><\/div><\/a>\n\t\t\t\t<div class=\"elementor-post__badge\">Artigo<\/div>\n\t\t\t\t<div class=\"elementor-post__text\">\n\t\t\t\t<h3 class=\"elementor-post__title\">\n\t\t\t<a href=\"https:\/\/annaosta.com.br\/site\/biblioteca-publica-de-nova-iorque\/\" >\n\t\t\t\t<strong><strong>Biblioteca P\u00fablica de Nova Iorque<\/strong><\/strong>\t\t\t<\/a>\n\t\t<\/h3>\n\t\t\n\t\t<a class=\"elementor-post__read-more\" href=\"https:\/\/annaosta.com.br\/site\/biblioteca-publica-de-nova-iorque\/\" >\n\t\t\tLeia Mais...\t\t<\/a>\n\n\t\t\t\t<\/div>\n\t\t\t\t<div class=\"elementor-post__meta-data\">\n\t\t\t\t\t<span class=\"elementor-post-date\">\n\t\t\t25 de maio de 2023\t\t<\/span>\n\t\t\t\t<span class=\"elementor-post-avatar\">\n\t\t\t1 coment\u00e1rio\t\t<\/span>\n\t\t\t\t<\/div>\n\t\t\t\t\t<\/div>\n\t\t<\/article>\n\t\t\t\t<article class=\"elementor-post elementor-grid-item post-2586 post type-post status-publish format-standard has-post-thumbnail hentry category-artigo\">\n\t\t\t<div class=\"elementor-post__card\">\n\t\t\t\t<a class=\"elementor-post__thumbnail__link\" href=\"https:\/\/annaosta.com.br\/site\/asle-prepara-novo-livro-sobre-o-poder-das-palavras\/\" ><div class=\"elementor-post__thumbnail\"><img loading=\"lazy\" decoding=\"async\" width=\"768\" height=\"768\" src=\"https:\/\/annaosta.com.br\/site\/wp-content\/uploads\/2023\/04\/Dica-de-leitura-2-768x768.png\" class=\"attachment-medium_large size-medium_large wp-image-2593\" alt=\"\" srcset=\"https:\/\/annaosta.com.br\/site\/wp-content\/uploads\/2023\/04\/Dica-de-leitura-2-768x768.png 768w, https:\/\/annaosta.com.br\/site\/wp-content\/uploads\/2023\/04\/Dica-de-leitura-2-300x300.png 300w, https:\/\/annaosta.com.br\/site\/wp-content\/uploads\/2023\/04\/Dica-de-leitura-2-1024x1024.png 1024w, https:\/\/annaosta.com.br\/site\/wp-content\/uploads\/2023\/04\/Dica-de-leitura-2-150x150.png 150w, https:\/\/annaosta.com.br\/site\/wp-content\/uploads\/2023\/04\/Dica-de-leitura-2.png 1080w\" sizes=\"(max-width: 768px) 100vw, 768px\" \/><\/div><\/a>\n\t\t\t\t<div class=\"elementor-post__badge\">Artigo<\/div>\n\t\t\t\t<div class=\"elementor-post__text\">\n\t\t\t\t<h3 class=\"elementor-post__title\">\n\t\t\t<a href=\"https:\/\/annaosta.com.br\/site\/asle-prepara-novo-livro-sobre-o-poder-das-palavras\/\" >\n\t\t\t\t<strong><strong>Academia de Letras prepara novo livro sobre o poder das palavras<\/strong><\/strong>\t\t\t<\/a>\n\t\t<\/h3>\n\t\t\n\t\t<a class=\"elementor-post__read-more\" href=\"https:\/\/annaosta.com.br\/site\/asle-prepara-novo-livro-sobre-o-poder-das-palavras\/\" >\n\t\t\tLeia Mais...\t\t<\/a>\n\n\t\t\t\t<\/div>\n\t\t\t\t<div class=\"elementor-post__meta-data\">\n\t\t\t\t\t<span class=\"elementor-post-date\">\n\t\t\t26 de abril de 2023\t\t<\/span>\n\t\t\t\t<span class=\"elementor-post-avatar\">\n\t\t\tNenhum coment\u00e1rio\t\t<\/span>\n\t\t\t\t<\/div>\n\t\t\t\t\t<\/div>\n\t\t<\/article>\n\t\t\t\t<article class=\"elementor-post elementor-grid-item post-2533 post type-post status-publish format-standard has-post-thumbnail hentry category-artigo\">\n\t\t\t<div class=\"elementor-post__card\">\n\t\t\t\t<a class=\"elementor-post__thumbnail__link\" href=\"https:\/\/annaosta.com.br\/site\/somos-pessoas-isso-ja-nao-basta\/\" ><div class=\"elementor-post__thumbnail\"><img loading=\"lazy\" decoding=\"async\" width=\"768\" height=\"768\" src=\"https:\/\/annaosta.com.br\/site\/wp-content\/uploads\/2023\/03\/Post-Dia-da-Mulher-768x768.png\" class=\"attachment-medium_large size-medium_large wp-image-2551\" alt=\"\" srcset=\"https:\/\/annaosta.com.br\/site\/wp-content\/uploads\/2023\/03\/Post-Dia-da-Mulher-768x768.png 768w, https:\/\/annaosta.com.br\/site\/wp-content\/uploads\/2023\/03\/Post-Dia-da-Mulher-300x300.png 300w, https:\/\/annaosta.com.br\/site\/wp-content\/uploads\/2023\/03\/Post-Dia-da-Mulher-1024x1024.png 1024w, https:\/\/annaosta.com.br\/site\/wp-content\/uploads\/2023\/03\/Post-Dia-da-Mulher-150x150.png 150w, https:\/\/annaosta.com.br\/site\/wp-content\/uploads\/2023\/03\/Post-Dia-da-Mulher.png 1080w\" sizes=\"(max-width: 768px) 100vw, 768px\" \/><\/div><\/a>\n\t\t\t\t<div class=\"elementor-post__badge\">Artigo<\/div>\n\t\t\t\t<div class=\"elementor-post__text\">\n\t\t\t\t<h3 class=\"elementor-post__title\">\n\t\t\t<a href=\"https:\/\/annaosta.com.br\/site\/somos-pessoas-isso-ja-nao-basta\/\" >\n\t\t\t\t<strong><strong>Somos pessoas. Isso j\u00e1 n\u00e3o basta?<\/strong><\/strong>\t\t\t<\/a>\n\t\t<\/h3>\n\t\t\n\t\t<a class=\"elementor-post__read-more\" href=\"https:\/\/annaosta.com.br\/site\/somos-pessoas-isso-ja-nao-basta\/\" >\n\t\t\tLeia Mais...\t\t<\/a>\n\n\t\t\t\t<\/div>\n\t\t\t\t<div class=\"elementor-post__meta-data\">\n\t\t\t\t\t<span class=\"elementor-post-date\">\n\t\t\t7 de mar\u00e7o de 2023\t\t<\/span>\n\t\t\t\t<span class=\"elementor-post-avatar\">\n\t\t\tNenhum coment\u00e1rio\t\t<\/span>\n\t\t\t\t<\/div>\n\t\t\t\t\t<\/div>\n\t\t<\/article>\n\t\t\t\t<article class=\"elementor-post elementor-grid-item post-2516 post type-post status-publish format-standard has-post-thumbnail hentry category-artigo\">\n\t\t\t<div class=\"elementor-post__card\">\n\t\t\t\t<a class=\"elementor-post__thumbnail__link\" href=\"https:\/\/annaosta.com.br\/site\/pilares-para-um-bom-prefacio\/\" ><div class=\"elementor-post__thumbnail\"><img loading=\"lazy\" decoding=\"async\" width=\"768\" height=\"768\" src=\"https:\/\/annaosta.com.br\/site\/wp-content\/uploads\/2023\/02\/Foto-prefacio-Rachel-de-Queiroz-Post-para-Instagram-Quadrado-768x768.png\" class=\"attachment-medium_large size-medium_large wp-image-2518\" alt=\"\" srcset=\"https:\/\/annaosta.com.br\/site\/wp-content\/uploads\/2023\/02\/Foto-prefacio-Rachel-de-Queiroz-Post-para-Instagram-Quadrado-768x768.png 768w, https:\/\/annaosta.com.br\/site\/wp-content\/uploads\/2023\/02\/Foto-prefacio-Rachel-de-Queiroz-Post-para-Instagram-Quadrado-300x300.png 300w, https:\/\/annaosta.com.br\/site\/wp-content\/uploads\/2023\/02\/Foto-prefacio-Rachel-de-Queiroz-Post-para-Instagram-Quadrado-1024x1024.png 1024w, https:\/\/annaosta.com.br\/site\/wp-content\/uploads\/2023\/02\/Foto-prefacio-Rachel-de-Queiroz-Post-para-Instagram-Quadrado-150x150.png 150w, https:\/\/annaosta.com.br\/site\/wp-content\/uploads\/2023\/02\/Foto-prefacio-Rachel-de-Queiroz-Post-para-Instagram-Quadrado.png 1080w\" sizes=\"(max-width: 768px) 100vw, 768px\" \/><\/div><\/a>\n\t\t\t\t<div class=\"elementor-post__badge\">Artigo<\/div>\n\t\t\t\t<div class=\"elementor-post__text\">\n\t\t\t\t<h3 class=\"elementor-post__title\">\n\t\t\t<a href=\"https:\/\/annaosta.com.br\/site\/pilares-para-um-bom-prefacio\/\" >\n\t\t\t\t<strong><strong>Pilares para um bom pref\u00e1cio<\/strong><\/strong>\t\t\t<\/a>\n\t\t<\/h3>\n\t\t\n\t\t<a class=\"elementor-post__read-more\" href=\"https:\/\/annaosta.com.br\/site\/pilares-para-um-bom-prefacio\/\" >\n\t\t\tLeia Mais...\t\t<\/a>\n\n\t\t\t\t<\/div>\n\t\t\t\t<div class=\"elementor-post__meta-data\">\n\t\t\t\t\t<span class=\"elementor-post-date\">\n\t\t\t26 de fevereiro de 2023\t\t<\/span>\n\t\t\t\t<span class=\"elementor-post-avatar\">\n\t\t\t4 Coment\u00e1rios\t\t<\/span>\n\t\t\t\t<\/div>\n\t\t\t\t\t<\/div>\n\t\t<\/article>\n\t\t\t\t<article class=\"elementor-post elementor-grid-item post-2476 post type-post status-publish format-standard has-post-thumbnail hentry category-artigo\">\n\t\t\t<div class=\"elementor-post__card\">\n\t\t\t\t<a class=\"elementor-post__thumbnail__link\" href=\"https:\/\/annaosta.com.br\/site\/o-encanto-dos-sebos-de-livros-usados\/\" ><div class=\"elementor-post__thumbnail\"><img loading=\"lazy\" decoding=\"async\" width=\"768\" height=\"1024\" src=\"https:\/\/annaosta.com.br\/site\/wp-content\/uploads\/2023\/02\/Neusa-2-768x1024.jpeg\" class=\"attachment-medium_large size-medium_large wp-image-2478\" alt=\"\" srcset=\"https:\/\/annaosta.com.br\/site\/wp-content\/uploads\/2023\/02\/Neusa-2-768x1024.jpeg 768w, https:\/\/annaosta.com.br\/site\/wp-content\/uploads\/2023\/02\/Neusa-2-225x300.jpeg 225w, https:\/\/annaosta.com.br\/site\/wp-content\/uploads\/2023\/02\/Neusa-2.jpeg 960w\" sizes=\"(max-width: 768px) 100vw, 768px\" \/><\/div><\/a>\n\t\t\t\t<div class=\"elementor-post__badge\">Artigo<\/div>\n\t\t\t\t<div class=\"elementor-post__text\">\n\t\t\t\t<h3 class=\"elementor-post__title\">\n\t\t\t<a href=\"https:\/\/annaosta.com.br\/site\/o-encanto-dos-sebos-de-livros-usados\/\" >\n\t\t\t\t<strong><strong>O encanto dos sebos de livros usados<\/strong><\/strong>\t\t\t<\/a>\n\t\t<\/h3>\n\t\t\n\t\t<a class=\"elementor-post__read-more\" href=\"https:\/\/annaosta.com.br\/site\/o-encanto-dos-sebos-de-livros-usados\/\" >\n\t\t\tLeia Mais...\t\t<\/a>\n\n\t\t\t\t<\/div>\n\t\t\t\t<div class=\"elementor-post__meta-data\">\n\t\t\t\t\t<span class=\"elementor-post-date\">\n\t\t\t10 de fevereiro de 2023\t\t<\/span>\n\t\t\t\t<span class=\"elementor-post-avatar\">\n\t\t\t1 coment\u00e1rio\t\t<\/span>\n\t\t\t\t<\/div>\n\t\t\t\t\t<\/div>\n\t\t<\/article>\n\t\t\t\t<\/div>\n\n\n\t\t\n\t\t\t\t<div class=\"e-load-more-anchor\" data-page=\"1\" data-max-page=\"2\" data-next-page=\"https:\/\/annaosta.com.br\/site\/wp-json\/wp\/v2\/pages\/3015\/page\/2\/\"><\/div>\n\t\t\t\t<nav class=\"elementor-pagination\" role=\"navigation\" aria-label=\"Pagination\">\n\t\t\t<span class=\"page-numbers prev\">&laquo; Anterior<\/span>\n<span aria-current=\"page\" class=\"page-numbers current\"><span class=\"elementor-screen-only\">Page<\/span>1<\/span>\n<a class=\"page-numbers\" href=\"https:\/\/annaosta.com.br\/site\/wp-json\/wp\/v2\/pages\/3015\/page\/2\/\"><span class=\"elementor-screen-only\">Page<\/span>2<\/a>\n<a class=\"page-numbers next\" href=\"https:\/\/annaosta.com.br\/site\/wp-json\/wp\/v2\/pages\/3015\/page\/2\/\">Pr\u00f3xima &raquo;<\/a>\t\t<\/nav>\n\t\t\t\t\t\t<\/div>\n\t\t\t\t<\/div>\n\t\t\t\t\t<\/div>\n\t\t<\/div>\n\t\t\t\t\t<\/div>\n\t\t<\/section>\n\t\t\t\t<\/div>\n\t\t","protected":false},"excerpt":{"rendered":"","protected":false},"author":1,"featured_media":0,"parent":0,"menu_order":0,"comment_status":"closed","ping_status":"closed","template":"","meta":{"site-sidebar-layout":"no-sidebar","site-content-layout":null,"ast-site-content-layout":"full-width-container","site-content-style":"unboxed","site-sidebar-style":"unboxed","ast-global-header-display":"","ast-banner-title-visibility":"","ast-main-header-display":"","ast-hfb-above-header-display":null,"ast-hfb-below-header-display":null,"ast-hfb-mobile-header-display":"","site-post-title":"disabled","ast-breadcrumbs-content":null,"ast-featured-img":"disabled","footer-sml-layout":"","ast-disable-related-posts":"","theme-transparent-header-meta":"","adv-header-id-meta":null,"stick-header-meta":null,"header-above-stick-meta":null,"header-main-stick-meta":null,"header-below-stick-meta":null,"astra-migrate-meta-layouts":"default","ast-page-background-enabled":"default","ast-page-background-meta":{"desktop":{"background-color":"var(--ast-global-color-4)","background-image":"","background-repeat":"repeat","background-position":"center center","background-size":"auto","background-attachment":"scroll","background-type":"","background-media":"","overlay-type":"","overlay-color":"","overlay-opacity":"","overlay-gradient":""},"tablet":{"background-color":"","background-image":"","background-repeat":"repeat","background-position":"center center","background-size":"auto","background-attachment":"scroll","background-type":"","background-media":"","overlay-type":"","overlay-color":"","overlay-opacity":"","overlay-gradient":""},"mobile":{"background-color":"","background-image":"","background-repeat":"repeat","background-position":"center center","background-size":"auto","background-attachment":"scroll","background-type":"","background-media":"","overlay-type":"","overlay-color":"","overlay-opacity":"","overlay-gradient":""}},"ast-content-background-meta":{"desktop":{"background-color":"var(--ast-global-color-5)","background-image":"","background-repeat":"repeat","background-position":"center center","background-size":"auto","background-attachment":"scroll","background-type":"","background-media":"","overlay-type":"","overlay-color":"","overlay-opacity":"","overlay-gradient":""},"tablet":{"background-color":"var(--ast-global-color-5)","background-image":"","background-repeat":"repeat","background-position":"center center","background-size":"auto","background-attachment":"scroll","background-type":"","background-media":"","overlay-type":"","overlay-color":"","overlay-opacity":"","overlay-gradient":""},"mobile":{"background-color":"var(--ast-global-color-5)","background-image":"","background-repeat":"repeat","background-position":"center center","background-size":"auto","background-attachment":"scroll","background-type":"","background-media":"","overlay-type":"","overlay-color":"","overlay-opacity":"","overlay-gradient":""}},"footnotes":""},"class_list":["post-3015","page","type-page","status-publish","hentry"],"_links":{"self":[{"href":"https:\/\/annaosta.com.br\/site\/wp-json\/wp\/v2\/pages\/3015","targetHints":{"allow":["GET"]}}],"collection":[{"href":"https:\/\/annaosta.com.br\/site\/wp-json\/wp\/v2\/pages"}],"about":[{"href":"https:\/\/annaosta.com.br\/site\/wp-json\/wp\/v2\/types\/page"}],"author":[{"embeddable":true,"href":"https:\/\/annaosta.com.br\/site\/wp-json\/wp\/v2\/users\/1"}],"replies":[{"embeddable":true,"href":"https:\/\/annaosta.com.br\/site\/wp-json\/wp\/v2\/comments?post=3015"}],"version-history":[{"count":16,"href":"https:\/\/annaosta.com.br\/site\/wp-json\/wp\/v2\/pages\/3015\/revisions"}],"predecessor-version":[{"id":3078,"href":"https:\/\/annaosta.com.br\/site\/wp-json\/wp\/v2\/pages\/3015\/revisions\/3078"}],"wp:attachment":[{"href":"https:\/\/annaosta.com.br\/site\/wp-json\/wp\/v2\/media?parent=3015"}],"curies":[{"name":"wp","href":"https:\/\/api.w.org\/{rel}","templated":true}]}}